{"id":2224,"date":"2019-11-21T09:27:04","date_gmt":"2019-11-21T12:27:04","guid":{"rendered":"https:\/\/iep.crp.ufv.br\/?page_id=2224"},"modified":"2026-03-23T15:37:48","modified_gmt":"2026-03-23T18:37:48","slug":"menu06","status":"publish","type":"page","link":"https:\/\/iep.crp.ufv.br\/?page_id=2224","title":{"rendered":"Links \u00dateis"},"content":{"rendered":"\r\n<p><a href=\"https:\/\/www.dti.ufv.br\/horario_crp\/hor.asp?ano=2026&amp;semestre=1\" target=\"_blank\" rel=\"noreferrer noopener\">Hor\u00e1rios de aulas da UFV-CRP<\/a><\/p>\r\n\r\n\r\n\r\n<p><a href=\"https:\/\/res.crp.ufv.br\/?page_id=10\" target=\"_blank\" rel=\"noreferrer noopener\" aria-label=\" (abre numa nova aba)\">CALEND\u00c1RIO ACAD\u00caMICO<\/a><\/p>\r\n\r\n\r\n\r\n<p><a href=\"https:\/\/telefones.crp.ufv.br\/grid_vcatalogotelefonico\/\" target=\"_blank\" rel=\"noreferrer noopener\" aria-label=\" (abre numa nova aba)\">CAT\u00c1LOGO TELEF\u00d4NICO UFV\/CRP<\/a><\/p>\r\n\r\n\r\n\r\n<p><a href=\"https:\/\/www.sei.ufv.br\/\" target=\"_blank\" rel=\"noreferrer noopener\" aria-label=\" (abre numa nova aba)\">SEI \u2013 SISTEMA ELETR\u00d4NICO DE INFORMA\u00c7\u00d5ES<\/a> <br \/>O SEI! \u00e9 um sistema de gest\u00e3o de processos e documentos eletr\u00f4nicos. <br \/>D\u00favidas: <br \/>E-mail: sei@ufv.br<br \/>Jorge (SEPAR): (31)3612-2611 <br \/>Treinamento: <a href=\"https:\/\/www.youtube.com\/watch?v=ryN-fPLytQM\" target=\"_blank\" rel=\"noreferrer noopener\" aria-label=\" (abre numa nova aba)\">V\u00eddeo \/ <\/a><a href=\"https:\/\/ibp.crp.ufv.br\/wp-content\/uploads\/SEIApostilaCompleta_compressed.pdf\" target=\"_blank\" rel=\"noreferrer noopener\" aria-label=\" (abre numa nova aba)\">Apostila<\/a><\/p>\r\n\r\n\r\n\r\n<p><strong>Conselhos:<\/strong> <br \/><a href=\"http:\/\/www.soc.ufv.br\/?page_id=157\" target=\"_blank\" rel=\"noreferrer noopener\" aria-label=\" (abre numa nova aba)\">CEPE \u2013 Conselho de Ensino, Pesquisa e Extens\u00e3o<\/a><br \/><a href=\"http:\/\/www.soc.ufv.br\/?page_id=163\" target=\"_blank\" rel=\"noreferrer noopener\" aria-label=\" (abre numa nova aba)\">CONSU \u2013 Conselho Universit\u00e1rio<\/a><br \/><a href=\"https:\/\/www.ufv.br\/conselhos-rio-paranaiba\/\" target=\"_blank\" rel=\"noreferrer noopener\" aria-label=\" (abre numa nova aba)\">COAD \u2013 Conselho Acad\u00eamico-Administrativo<\/a> <\/p>\r\n\r\n\r\n\r\n<p><strong>Sistemas Acad\u00eamicos\u00a0e Administrativos:<\/strong> <br \/><a href=\"http:\/\/www.dti.ufv.br\/ensino\/\" target=\"_blank\" rel=\"noreferrer noopener\" aria-label=\" (abre numa nova aba)\">Consulta aulas Coordenadas e Ministradas<\/a><br \/><a href=\"https:\/\/telefones.crp.ufv.br\/grid_vcatalogotelefonico\/\" target=\"_blank\" rel=\"noreferrer noopener\" aria-label=\" (abre numa nova aba)\">Cat\u00e1logo Telef\u00f4nico \u2013 Campus Rio Parana\u00edba<\/a><br \/><a href=\"http:\/\/net-server.cpd.ufv.br\/SisProcesso\/\" target=\"_blank\" rel=\"noreferrer noopener\" aria-label=\" (abre numa nova aba)\">Sistema de Controle de Processos da UFV (antigo)<\/a><br \/><a href=\"https:\/\/www.ufv.br\/sistemas-administrativos-campus-rio-paranaiba\/\" target=\"_blank\" rel=\"noreferrer noopener\" aria-label=\" (abre numa nova aba)\">Sistemas administrativos \u2013 Campus Rio Parana\u00edba<\/a><br \/><a href=\"http:\/\/www.ppg.ufv.br\/?page_id=327\" target=\"_blank\" rel=\"noreferrer noopener\" aria-label=\" (abre numa nova aba)\">Sistemas PPG<\/a><br \/><a href=\"https:\/\/www.pvanet.ufv.br\/\" target=\"_blank\" rel=\"noreferrer noopener\" aria-label=\" (abre numa nova aba)\">PVANet<\/a><br \/><a href=\"https:\/\/www.dti.ufv.br\/radocnew\/\" target=\"_blank\" rel=\"noreferrer noopener\" aria-label=\" (abre numa nova aba)\">Radoc<\/a><br \/><a href=\"https:\/\/sapiens.dti.ufv.br\/sapiens_redireciona\/\" target=\"_blank\" rel=\"noreferrer noopener\" aria-label=\" (abre numa nova aba)\">Sapiens<\/a><\/p>\r\n\r\n\r\n\r\n<p><strong>Legisla\u00e7\u00e3o:<\/strong> <br \/><a href=\"http:\/\/www.pgp.ufv.br\/?page_id=166\" target=\"_blank\" rel=\"noreferrer noopener\" aria-label=\" (abre numa nova aba)\">Gest\u00e3o de pessoas<\/a><br \/><a href=\"http:\/\/www.soc.ufv.br\/?page_id=9276\" target=\"_blank\" rel=\"noreferrer noopener\" aria-label=\" (abre numa nova aba)\">Resolu\u00e7\u00f5es CONSU<\/a><br \/><a href=\"http:\/\/www.soc.ufv.br\/?page_id=8716\" target=\"_blank\" rel=\"noreferrer noopener\" aria-label=\" (abre numa nova aba)\">Resolu\u00e7\u00f5es CEPE<\/a><\/p>\r\n\r\n\r\n\r\n<p><strong>Concursos:<\/strong> <br \/><a href=\"http:\/\/www.soc.ufv.br\/?page_id=1392\" target=\"_blank\" rel=\"noreferrer noopener\" aria-label=\" (abre numa nova aba)\">Carreira Docente<\/a><br \/><a href=\"http:\/\/www.pgp.ufv.br\/?page_id=456\" target=\"_blank\" rel=\"noreferrer noopener\" aria-label=\" (abre numa nova aba)\">Carreira T\u00e9cnico-Administrativa<\/a><\/p>\r\n","protected":false},"excerpt":{"rendered":"<p>Hor\u00e1rios de aulas da UFV-CRP CALEND\u00c1RIO ACAD\u00caMICO CAT\u00c1LOGO TELEF\u00d4NICO UFV\/CRP SEI \u2013 SISTEMA ELETR\u00d4NICO DE INFORMA\u00c7\u00d5ES O SEI! \u00e9 um sistema de gest\u00e3o de processos e documentos eletr\u00f4nicos. D\u00favidas: E-mail: sei@ufv.brJorge (SEPAR): (31)3612-2611 Treinamento: V\u00eddeo \/ Apostila Conselhos: CEPE \u2013 Conselho de Ensino, Pesquisa e Extens\u00e3oCONSU \u2013 Conselho Universit\u00e1rioCOAD \u2013 Conselho Acad\u00eamico-Administrativo Sistemas Acad\u00eamicos\u00a0e Administrativos: [&hellip;]<\/p>\n","protected":false},"author":1,"featured_media":0,"parent":0,"menu_order":0,"comment_status":"closed","ping_status":"closed","template":"","meta":{"ngg_post_thumbnail":0,"footnotes":""},"class_list":["post-2224","page","type-page","status-publish","hentry"],"_links":{"self":[{"href":"https:\/\/iep.crp.ufv.br\/index.php?rest_route=\/wp\/v2\/pages\/2224","targetHints":{"allow":["GET"]}}],"collection":[{"href":"https:\/\/iep.crp.ufv.br\/index.php?rest_route=\/wp\/v2\/pages"}],"about":[{"href":"https:\/\/iep.crp.ufv.br\/index.php?rest_route=\/wp\/v2\/types\/page"}],"author":[{"embeddable":true,"href":"https:\/\/iep.crp.ufv.br\/index.php?rest_route=\/wp\/v2\/users\/1"}],"replies":[{"embeddable":true,"href":"https:\/\/iep.crp.ufv.br\/index.php?rest_route=%2Fwp%2Fv2%2Fcomments&post=2224"}],"version-history":[{"count":10,"href":"https:\/\/iep.crp.ufv.br\/index.php?rest_route=\/wp\/v2\/pages\/2224\/revisions"}],"predecessor-version":[{"id":2952,"href":"https:\/\/iep.crp.ufv.br\/index.php?rest_route=\/wp\/v2\/pages\/2224\/revisions\/2952"}],"wp:attachment":[{"href":"https:\/\/iep.crp.ufv.br\/index.php?rest_route=%2Fwp%2Fv2%2Fmedia&parent=2224"}],"curies":[{"name":"wp","href":"https:\/\/api.w.org\/{rel}","templated":true}]}}