{"id":2220,"date":"2019-11-21T09:26:42","date_gmt":"2019-11-21T12:26:42","guid":{"rendered":"https:\/\/iep.crp.ufv.br\/?page_id=2220"},"modified":"2026-04-07T17:29:15","modified_gmt":"2026-04-07T20:29:15","slug":"menu04","status":"publish","type":"page","link":"https:\/\/iep.crp.ufv.br\/?page_id=2220","title":{"rendered":"Monitorias 2026-1"},"content":{"rendered":"\r\n<h3 class=\"wp-block-heading\"><strong>EDITAIS PARA MONITORIAS REMUNERADAS:<\/strong><\/h3>\r\n<p><a href=\"https:\/\/iep.crp.ufv.br\/wp-content\/uploads\/Edital-003_2026-selecao-monitor-I-bolsista.docx-1.pdf\">Edital 003\/2026 sele\u00e7\u00e3o monitor n\u00edvel I &#8211; Bolsista &#8211; MAP191<\/a> &#8211; Inscri\u00e7\u00f5es at\u00e9 10\/04\/2026<\/p>\r\n\r\n\r\n\r\n<h3 id=\"mce_20\" class=\"wp-block-heading\"><strong>EDITAIS MONITORIA VOLUNT\u00c1RIA:<\/strong><\/h3>\r\n<p><a href=\"https:\/\/iep.crp.ufv.br\/wp-content\/uploads\/Edital_002_2026_-_selecao_monitor_I_voluntario.pdf\" target=\"_blank\" rel=\"noopener\">Edital_002\/2026_-_sele\u00e7\u00e3o de monitor n\u00edvel I &#8211; volunt\u00e1rio<\/a> &#8211; Inscri\u00e7\u00f5es de 23\/03\/2026 at\u00e9 25\/03\/2026<\/p>\r\n\r\n\r\n\r\n<h3 class=\"wp-block-heading\"><strong>DOCUMENTOS Monitoria:<\/strong><\/h3>\r\n\r\n\r\n\r\n<div class=\"wp-block-file\"><a href=\"https:\/\/iep.crp.ufv.br\/wp-content\/uploads\/Resolu\u00e7\u00e3o-da-Monitoria-1.pdf\">RESOLU\u00c7\u00c3O N\u00ba 03\/2019 \u2013 CEPE (Resolu\u00e7\u00e3o da Monitoria)<\/a><a class=\"wp-block-file__button wp-element-button\" href=\"https:\/\/iep.crp.ufv.br\/wp-content\/uploads\/Resolu\u00e7\u00e3o-da-Monitoria-1.pdf\" download=\"\">Baixar<\/a><\/div>\r\n\r\n\r\n\r\n<div class=\"wp-block-file\"><a id=\"wp-block-file--media-3e8d86a1-e59b-41e6-9582-19d79eb8844f\" href=\"https:\/\/iep.crp.ufv.br\/wp-content\/uploads\/Ficha-de-Inscricao-1-REMUNERADA.docx\">Requerimento de Inscri\u00e7\u00e3o &#8211; REMUNERADA<\/a><a class=\"wp-block-file__button wp-element-button\" href=\"https:\/\/iep.crp.ufv.br\/wp-content\/uploads\/Ficha-de-Inscricao-1-REMUNERADA.docx\" download=\"\" aria-describedby=\"wp-block-file--media-3e8d86a1-e59b-41e6-9582-19d79eb8844f\">Baixar<\/a><\/div>\r\n\r\n\r\n\r\n<div class=\"wp-block-file\"><a id=\"wp-block-file--media-8f9416b3-d270-41d0-b6f6-9a2da1457910\" href=\"https:\/\/iep.crp.ufv.br\/wp-content\/uploads\/Ficha-de-Inscricao-1-VOLUNTARIO.docx\">Requerimento de Inscri\u00e7\u00e3o &#8211; VOLUNT\u00c1RIA<\/a><a class=\"wp-block-file__button wp-element-button\" href=\"https:\/\/iep.crp.ufv.br\/wp-content\/uploads\/Ficha-de-Inscricao-1-VOLUNTARIO.docx\" download=\"\" aria-describedby=\"wp-block-file--media-8f9416b3-d270-41d0-b6f6-9a2da1457910\">Baixar<\/a><\/div>\r\n\r\n\r\n\r\n<div class=\"wp-block-file\"><a id=\"wp-block-file--media-8b6f1414-bb68-47b9-86c6-0a32eae92adb\" href=\"https:\/\/iep.crp.ufv.br\/wp-content\/uploads\/Ata-de-selecao-Monitoria.docx\">Ata de sele\u00e7\u00e3o de monitor (Bolsista e Volunt\u00e1ria)<\/a><a class=\"wp-block-file__button wp-element-button\" href=\"https:\/\/iep.crp.ufv.br\/wp-content\/uploads\/Ata-de-selecao-Monitoria.docx\" download=\"\" aria-describedby=\"wp-block-file--media-8b6f1414-bb68-47b9-86c6-0a32eae92adb\">Baixar<\/a><\/div>\r\n\r\n\r\n\r\n<div class=\"wp-block-file\"><a id=\"wp-block-file--media-43046a13-7175-44d2-9081-e572fad40f3f\" href=\"https:\/\/iep.crp.ufv.br\/wp-content\/uploads\/Plano-de-Trabalho-do-Monitor-2.docx\">Plano de Trabalho do Monitor (Bolsista e Volunt\u00e1rio)<\/a><a class=\"wp-block-file__button wp-element-button\" href=\"https:\/\/iep.crp.ufv.br\/wp-content\/uploads\/Plano-de-Trabalho-do-Monitor-2.docx\" download=\"\" aria-describedby=\"wp-block-file--media-43046a13-7175-44d2-9081-e572fad40f3f\">Baixar<\/a><\/div>\r\n\r\n\r\n\r\n<div class=\"wp-block-file\"><a id=\"wp-block-file--media-996daf66-4a3c-4871-af60-c2ef4f8eb604\" href=\"https:\/\/iep.crp.ufv.br\/wp-content\/uploads\/Termo-de-Compromisso-de-Monitoria-Nivel-I-1.docx\">Termo de Compromisso: Monitoria BOLSISTA<\/a><a class=\"wp-block-file__button wp-element-button\" href=\"https:\/\/iep.crp.ufv.br\/wp-content\/uploads\/Termo-de-Compromisso-de-Monitoria-Nivel-I-1.docx\" download=\"\" aria-describedby=\"wp-block-file--media-996daf66-4a3c-4871-af60-c2ef4f8eb604\">Baixar<\/a><\/div>\r\n\r\n\r\n\r\n<div class=\"wp-block-file\"><a id=\"wp-block-file--media-93d1eecc-a32b-4b5f-a7bd-8373dec8dd84\" href=\"https:\/\/iep.crp.ufv.br\/wp-content\/uploads\/Termo-de-Compromisso-de-Monitoria-Voluntaria-N1.docx\">Termo de Compromisso: Monitoria VOLUNT\u00c1RIA<\/a><a class=\"wp-block-file__button wp-element-button\" href=\"https:\/\/iep.crp.ufv.br\/wp-content\/uploads\/Termo-de-Compromisso-de-Monitoria-Voluntaria-N1.docx\" download=\"\" aria-describedby=\"wp-block-file--media-93d1eecc-a32b-4b5f-a7bd-8373dec8dd84\">Baixar<\/a><\/div>\r\n\r\n\r\n\r\n<h4 class=\"wp-block-heading\"><strong>Observa\u00e7\u00f5es:<\/strong><\/h4>\r\n\r\n\r\n\r\n<p>Os Programas de Monitoria e Tutoria no <em>Campus<\/em> Rio Parana\u00edba s\u00e3o coordenados pela\u00a0<a href=\"http:\/\/www.dre.crp.ufv.br\/\" target=\"_blank\" rel=\"noreferrer noopener\">Diretoria de Ensino<\/a> (Sala BBT 211). O processo seletivo \u00e9 realizado pelos Institutos de Ci\u00eancias do <em>Campus<\/em>.<\/p>\r\n\r\n\r\n\r\n<p>O programa de Monitoria \u00e9 regulamentado pela\u00a0<a href=\"https:\/\/ibp.crp.ufv.br\/wp-content\/uploads\/03-2019-CEPE-Altera-Res.-Monitoria.pdf\" target=\"_blank\" rel=\"noreferrer noopener\">Resolu\u00e7\u00e3o CEPE N\u00ba 03\/2019<\/a>.<\/p>\r\n\r\n\r\n\r\n<p>Todo o processo de inscri\u00e7\u00e3o ser\u00e1 on-line e realizado atrav\u00e9s do preenchimento do requerimento dispon\u00edvel no link acima e no Anexo II do edital.<\/p>\r\n\r\n\r\n\r\n<p>No ato de inscri\u00e7\u00e3o, a documenta\u00e7\u00e3o exigida no edital dever\u00e1 ser digitalizada e enviada no e-mail do professor coordenador da disciplina conforme indicado no edital.\u00a0<\/p>\r\n\r\n\r\n\r\n<p>O estudante pode retirar seu hist\u00f3rico escolar no SAPIENS.<\/p>\r\n\r\n\r\n\r\n<p>O docente respons\u00e1vel pela disciplina encaminhar\u00e1 aos inscritos a confirma\u00e7\u00e3o da data da provas escrita e oral, a ser realizada de forma presencial ou remota, conforme defini\u00e7\u00e3o da comiss\u00e3o examinadora.<\/p>\r\n","protected":false},"excerpt":{"rendered":"<p>EDITAIS PARA MONITORIAS REMUNERADAS: Edital 003\/2026 sele\u00e7\u00e3o monitor n\u00edvel I &#8211; Bolsista &#8211; MAP191 &#8211; Inscri\u00e7\u00f5es at\u00e9 10\/04\/2026 EDITAIS MONITORIA VOLUNT\u00c1RIA: Edital_002\/2026_-_sele\u00e7\u00e3o de monitor n\u00edvel I &#8211; volunt\u00e1rio &#8211; Inscri\u00e7\u00f5es de 23\/03\/2026 at\u00e9 25\/03\/2026 DOCUMENTOS Monitoria: Observa\u00e7\u00f5es: Os Programas de Monitoria e Tutoria no Campus Rio Parana\u00edba s\u00e3o coordenados pela\u00a0Diretoria de Ensino (Sala BBT 211). [&hellip;]<\/p>\n","protected":false},"author":1,"featured_media":0,"parent":0,"menu_order":0,"comment_status":"closed","ping_status":"closed","template":"","meta":{"ngg_post_thumbnail":0,"footnotes":""},"class_list":["post-2220","page","type-page","status-publish","hentry"],"_links":{"self":[{"href":"https:\/\/iep.crp.ufv.br\/index.php?rest_route=\/wp\/v2\/pages\/2220","targetHints":{"allow":["GET"]}}],"collection":[{"href":"https:\/\/iep.crp.ufv.br\/index.php?rest_route=\/wp\/v2\/pages"}],"about":[{"href":"https:\/\/iep.crp.ufv.br\/index.php?rest_route=\/wp\/v2\/types\/page"}],"author":[{"embeddable":true,"href":"https:\/\/iep.crp.ufv.br\/index.php?rest_route=\/wp\/v2\/users\/1"}],"replies":[{"embeddable":true,"href":"https:\/\/iep.crp.ufv.br\/index.php?rest_route=%2Fwp%2Fv2%2Fcomments&post=2220"}],"version-history":[{"count":193,"href":"https:\/\/iep.crp.ufv.br\/index.php?rest_route=\/wp\/v2\/pages\/2220\/revisions"}],"predecessor-version":[{"id":2962,"href":"https:\/\/iep.crp.ufv.br\/index.php?rest_route=\/wp\/v2\/pages\/2220\/revisions\/2962"}],"wp:attachment":[{"href":"https:\/\/iep.crp.ufv.br\/index.php?rest_route=%2Fwp%2Fv2%2Fmedia&parent=2220"}],"curies":[{"name":"wp","href":"https:\/\/api.w.org\/{rel}","templated":true}]}}