{"id":2216,"date":"2019-11-21T09:26:08","date_gmt":"2019-11-21T12:26:08","guid":{"rendered":"https:\/\/iep.crp.ufv.br\/?page_id=2216"},"modified":"2026-04-06T15:57:29","modified_gmt":"2026-04-06T18:57:29","slug":"menu02","status":"publish","type":"page","link":"https:\/\/iep.crp.ufv.br\/?page_id=2216","title":{"rendered":"Comiss\u00f5es Internas"},"content":{"rendered":"<p><strong>Comiss\u00e3o de Ensino<\/strong> (ATO 018\/2026\/IEP\/CRP, DE 06\/04\/2026)<\/p>\r\n<!-- \/wp:post-content -->\r\n\r\n<!-- wp:paragraph -->\r\n<ul>\r\n<li style=\"text-align: left;\">MIGUEL JUNIOR CEZANA (Presidente);<\/li>\r\n<li style=\"text-align: left;\"><!-- \/wp:paragraph -->\r\n\r\n<!-- wp:paragraph -->ALAN DIEGO AURELIO CARNEIRO;<\/li>\r\n<li style=\"text-align: left;\"><!-- \/wp:paragraph -->\r\n\r\n<!-- wp:paragraph -->SAMUEL ALMEIDA DUTRA JUNIOR.<\/li>\r\n<\/ul>\r\n<!-- \/wp:paragraph -->\r\n\r\n<!-- wp:heading -->\r\n<p><strong>Comiss\u00e3o de Extens\u00e3o<\/strong> (ATO 019\/2026\/IEP\/CRP, DE 06\/04\/2026)<\/p>\r\n<!-- \/wp:heading -->\r\n\r\n<!-- wp:paragraph -->\r\n<ul>\r\n<li style=\"text-align: left;\">FERNANDA SANTIAGO CHAVES SOARES (Presidente);<\/li>\r\n<li style=\"text-align: left;\">RODRIGO SILVA GONZALEZ;<\/li>\r\n<li style=\"text-align: left;\">ADRIANA ZANELLA MARTINHAGO.<\/li>\r\n<\/ul>\r\n<!-- \/wp:paragraph -->\r\n\r\n<!-- wp:heading -->\r\n<p><strong>Comiss\u00e3o de Pesquisa<\/strong> (ATO 17\/2026\/IEP\/CRP, DE 06\/04\/2026)<\/p>\r\n<!-- \/wp:heading -->\r\n\r\n<!-- wp:paragraph -->\r\n<ul>\r\n<li style=\"text-align: left;\">THIAGO HENRIQUE NOGUEIRA (Presidente);<\/li>\r\n<li style=\"text-align: left;\">RAIANE RIBEIRO MACHADO GOMES;<\/li>\r\n<li style=\"text-align: left;\">JO\u00c3O FERNANDO MARI.<\/li>\r\n<\/ul>\r\n<!-- \/wp:paragraph -->\r\n\r\n<!-- wp:heading -->\r\n<p><strong>Comiss\u00e3o de estagio probat\u00f3rio de docentes<\/strong> (ATO 055\/2025\/IEP\/CRP, DE 02\/06\/2025)<\/p>\r\n<!-- \/wp:heading -->\r\n<ul>\r\n<li style=\"text-align: left;\">PEDRO MOISES DE SOUSA (presidente);<\/li>\r\n<li><span data-sheets-root=\"1\">EDGAR HERNANDO LIZARAZO JAIMES<\/span><\/li>\r\n<li style=\"text-align: left;\">HERNANI MARTINS JUNIOR.<\/li>\r\n<\/ul>\r\n<p><strong>Comiss\u00e3o promo\u00e7\u00e3o\/progress\u00e3o de docentes assistentes e adjuntos<\/strong>\u00a0 (ATO 039\/2024\/IEP\/CRP, DE 16\/04\/2024)<\/p>\r\n<ul>\r\n<li style=\"text-align: left;\">EDER SEVERINO XAVIER (Presidente);<\/li>\r\n<li style=\"text-align: left;\">MARCOS PAULO DE OLIVEIRA LOUREIRO;<\/li>\r\n<li style=\"text-align: left;\">RODRIGO MOREIRA.<\/li>\r\n<\/ul>\r\n<p><strong>Comiss\u00e3o promo\u00e7\u00e3o\/progress\u00e3o de docentes associados<\/strong> (Em forma\u00e7\u00e3o)<\/p>\r\n<p>&nbsp;<\/p>\r\n<!--EndFragment-->","protected":false},"excerpt":{"rendered":"<p>Comiss\u00e3o de Ensino (ATO 018\/2026\/IEP\/CRP, DE 06\/04\/2026) MIGUEL JUNIOR CEZANA (Presidente); ALAN DIEGO AURELIO CARNEIRO; SAMUEL ALMEIDA DUTRA JUNIOR. Comiss\u00e3o de Extens\u00e3o (ATO 019\/2026\/IEP\/CRP, DE 06\/04\/2026) FERNANDA SANTIAGO CHAVES SOARES (Presidente); RODRIGO SILVA GONZALEZ; ADRIANA ZANELLA MARTINHAGO. Comiss\u00e3o de Pesquisa (ATO 17\/2026\/IEP\/CRP, DE 06\/04\/2026) THIAGO HENRIQUE NOGUEIRA (Presidente); RAIANE RIBEIRO MACHADO GOMES; JO\u00c3O FERNANDO MARI. [&hellip;]<\/p>\n","protected":false},"author":1,"featured_media":0,"parent":0,"menu_order":0,"comment_status":"closed","ping_status":"closed","template":"","meta":{"ngg_post_thumbnail":0,"footnotes":""},"class_list":["post-2216","page","type-page","status-publish","hentry"],"_links":{"self":[{"href":"https:\/\/iep.crp.ufv.br\/index.php?rest_route=\/wp\/v2\/pages\/2216","targetHints":{"allow":["GET"]}}],"collection":[{"href":"https:\/\/iep.crp.ufv.br\/index.php?rest_route=\/wp\/v2\/pages"}],"about":[{"href":"https:\/\/iep.crp.ufv.br\/index.php?rest_route=\/wp\/v2\/types\/page"}],"author":[{"embeddable":true,"href":"https:\/\/iep.crp.ufv.br\/index.php?rest_route=\/wp\/v2\/users\/1"}],"replies":[{"embeddable":true,"href":"https:\/\/iep.crp.ufv.br\/index.php?rest_route=%2Fwp%2Fv2%2Fcomments&post=2216"}],"version-history":[{"count":39,"href":"https:\/\/iep.crp.ufv.br\/index.php?rest_route=\/wp\/v2\/pages\/2216\/revisions"}],"predecessor-version":[{"id":2957,"href":"https:\/\/iep.crp.ufv.br\/index.php?rest_route=\/wp\/v2\/pages\/2216\/revisions\/2957"}],"wp:attachment":[{"href":"https:\/\/iep.crp.ufv.br\/index.php?rest_route=%2Fwp%2Fv2%2Fmedia&parent=2216"}],"curies":[{"name":"wp","href":"https:\/\/api.w.org\/{rel}","templated":true}]}}