{"id":1894,"date":"2017-11-27T08:55:26","date_gmt":"2017-11-27T11:55:26","guid":{"rendered":"https:\/\/iep.crp.ufv.br\/?page_id=1894"},"modified":"2026-04-06T16:03:43","modified_gmt":"2026-04-06T19:03:43","slug":"o-que-e","status":"publish","type":"page","link":"https:\/\/iep.crp.ufv.br\/?page_id=1894","title":{"rendered":"O Instituto"},"content":{"rendered":"<p>O <strong>Instituto de Ci\u00eancias Exatas e Tecnol\u00f3gicas (IEP)<\/strong> da <strong>UFV \u2013 <em>Campus<\/em> Rio Parana\u00edba<\/strong> \u00e9 respons\u00e1vel por apoiar e gerenciar docentes e discentes vinculados \u00e0s disciplinas dos cursos de:<\/p>\n<ul>\n<li><a href=\"http:\/\/www.ecv.crp.ufv.br\/\" target=\"_blank\" rel=\"noopener noreferrer\">Engenharia Civil<\/a><\/li>\n<li><a href=\"http:\/\/www.epr.crp.ufv.br\/\" target=\"_blank\" rel=\"noopener noreferrer\">Engenharia de Produ\u00e7\u00e3o<\/a><\/li>\n<li><a href=\"http:\/\/www.qca.crp.ufv.br\/\" target=\"_blank\" rel=\"noopener noreferrer\">Qu\u00edmica<\/a><\/li>\n<li><a href=\"http:\/\/www.sin.crp.ufv.br\/\" target=\"_blank\" rel=\"noopener noreferrer\">Sistemas de Informa\u00e7\u00e3o<\/a><\/li>\n<li>Ci\u00eancia de Dados e Intelig\u00eancia Artificial <em>(em constru\u00e7\u00e3o)<\/em><\/li>\n<\/ul>\n<p>O instituto tamb\u00e9m coordena disciplinas das \u00e1reas b\u00e1sicas de <strong>F\u00edsica, Matem\u00e1tica e Estat\u00edstica<\/strong>.<\/p>\n<hr \/>\n<h3>Documentos Institucionais<\/h3>\n<ul>\n<li><a href=\"http:\/\/www.novoscursos.ufv.br\/orgaos\/ufv\/soc\/www\/wp-content\/uploads\/Regimento-Geral-UFV-2013.pdf\" target=\"_blank\" rel=\"noopener\">Regimento Geral da UFV<\/a><\/li>\n<li><a href=\"https:\/\/iep.crp.ufv.br\/wp-content\/uploads\/SEI_UFV-1687985-Resolucao_24-2025.pdf\" target=\"_blank\" rel=\"noopener\">Regimento B\u00e1sico dos Institutos de Ci\u00eancias (14\/07\/2025)<\/a><\/li>\n<li><a href=\"https:\/\/iep.crp.ufv.br\/wp-content\/uploads\/Sem_t_303_255tulo_1___using_non-Linux-generated_files-job_869.pdf\" target=\"_blank\" rel=\"noopener\">Membros do Colegiado do IEP<\/a><\/li>\n<\/ul>\n<hr \/>\n<h3>Sites dos Cursos<\/h3>\n<ul>\n<li><a href=\"http:\/\/www.ecv.crp.ufv.br\/\" target=\"_blank\" rel=\"noopener\">Engenharia Civil<\/a><\/li>\n<li><a href=\"http:\/\/www.epr.crp.ufv.br\/\" target=\"_blank\" rel=\"noopener\">Engenharia de Produ\u00e7\u00e3o<\/a><\/li>\n<li><a href=\"http:\/\/www.qca.crp.ufv.br\/\" target=\"_blank\" rel=\"noopener\">Qu\u00edmica<\/a><\/li>\n<li><a href=\"http:\/\/www.sin.crp.ufv.br\/\" target=\"_blank\" rel=\"noopener\">Sistemas de Informa\u00e7\u00e3o<\/a><\/li>\n<li>Ci\u00eancia de Dados e Intelig\u00eancia Artificial <em>(em constru\u00e7\u00e3o)<\/em><\/li>\n<\/ul>\n<hr \/>\n<h3>Equipe<\/h3>\n<h4>Dire\u00e7\u00e3o<\/h4>\n<p><strong>Chefe:<\/strong> Prof. <strong>Rodrigo Smarzaro<\/strong><br \/>\nE-mail: smarzaro@ufv.br<br \/>\nTelefone: (34) 3855-9338<br \/>\nLocal: BBT \u2013 Sala 209<\/p>\n<p><strong>Secret\u00e1rio:<\/strong> T\u00e9cnico <strong>Renato Campos Oliveira<\/strong><br \/>\nE-mail: iep.crp@ufv.br<br \/>\nTelefone: (34) 3855-9382<br \/>\nLocal: BBT \u2013 Sala 208<\/p>\n<h4>Coordena\u00e7\u00f5es de Curso<\/h4>\n<p><strong>Engenharia Civil:<\/strong> Prof. <strong>Marcus Vin\u00edcius Sant\u2019Anna<\/strong><br \/>\nE-mail: ecv.crp@ufv.br<br \/>\nTelefone: (34) 3855-9468<br \/>\nLocal: LAE \u2013 Sala 171<\/p>\n<p><strong>Engenharia de Produ\u00e7\u00e3o:<\/strong> Prof. <strong>Samuel Borges Barbosa<\/strong><br \/>\nE-mail: enpcrp@ufv.br<br \/>\nTelefone: (34) 3855-9595<br \/>\nLocal: LAE \u2013 Sala 264<\/p>\n<p><strong>Qu\u00edmica:<\/strong> Prof. <strong>Geraldo Humberto Silva<\/strong><br \/>\nE-mail: quimica.crp@ufv.br<br \/>\nTelefone: (34) 3855-4038<br \/>\nLocal: CIP \u2013 Sala 304<\/p>\n<p><strong>Sistemas de Informa\u00e7\u00e3o:<\/strong> Prof. <strong>Pedro Mois\u00e9s de Sousa<\/strong><br \/>\nE-mail: sistemas.crp@ufv.br<br \/>\nTelefone: (34) 3855-9539<br \/>\nLocal: LAE \u2013 Sala 275<\/p>\n<p><strong>Ci\u00eancia de Dados e Intelig\u00eancia Artificial:<\/strong> Prof. <strong>Hernani Martins J\u00fanior<\/strong><br \/>\nE-mail: hernani.junior@ufv.br<br \/>\nTelefone: (34) 3855-9350<br \/>\nLocal: LAE \u2013 Sala 153<\/p>\n","protected":false},"excerpt":{"rendered":"<p>O Instituto de Ci\u00eancias Exatas e Tecnol\u00f3gicas (IEP) da UFV \u2013 Campus Rio Parana\u00edba \u00e9 respons\u00e1vel por apoiar e gerenciar docentes e discentes vinculados \u00e0s disciplinas dos cursos de: Engenharia Civil Engenharia de Produ\u00e7\u00e3o Qu\u00edmica Sistemas de Informa\u00e7\u00e3o Ci\u00eancia de Dados e Intelig\u00eancia Artificial (em constru\u00e7\u00e3o) O instituto tamb\u00e9m coordena disciplinas das \u00e1reas b\u00e1sicas de [&hellip;]<\/p>\n","protected":false},"author":1,"featured_media":0,"parent":0,"menu_order":0,"comment_status":"closed","ping_status":"closed","template":"","meta":{"ngg_post_thumbnail":0,"footnotes":""},"class_list":["post-1894","page","type-page","status-publish","hentry"],"_links":{"self":[{"href":"https:\/\/iep.crp.ufv.br\/index.php?rest_route=\/wp\/v2\/pages\/1894","targetHints":{"allow":["GET"]}}],"collection":[{"href":"https:\/\/iep.crp.ufv.br\/index.php?rest_route=\/wp\/v2\/pages"}],"about":[{"href":"https:\/\/iep.crp.ufv.br\/index.php?rest_route=\/wp\/v2\/types\/page"}],"author":[{"embeddable":true,"href":"https:\/\/iep.crp.ufv.br\/index.php?rest_route=\/wp\/v2\/users\/1"}],"replies":[{"embeddable":true,"href":"https:\/\/iep.crp.ufv.br\/index.php?rest_route=%2Fwp%2Fv2%2Fcomments&post=1894"}],"version-history":[{"count":47,"href":"https:\/\/iep.crp.ufv.br\/index.php?rest_route=\/wp\/v2\/pages\/1894\/revisions"}],"predecessor-version":[{"id":2958,"href":"https:\/\/iep.crp.ufv.br\/index.php?rest_route=\/wp\/v2\/pages\/1894\/revisions\/2958"}],"wp:attachment":[{"href":"https:\/\/iep.crp.ufv.br\/index.php?rest_route=%2Fwp%2Fv2%2Fmedia&parent=1894"}],"curies":[{"name":"wp","href":"https:\/\/api.w.org\/{rel}","templated":true}]}}